{"id":1248,"date":"2024-06-20T11:44:45","date_gmt":"2024-06-20T09:44:45","guid":{"rendered":"https:\/\/studiosbypops.se\/karljohan\/?post_type=studios-course&#038;p=1248"},"modified":"2025-12-19T09:10:13","modified_gmt":"2025-12-19T08:10:13","slug":"akustisk-gitarr","status":"publish","type":"studios-course","link":"https:\/\/studiosbypops.se\/orebro\/kurser\/akustisk-gitarr\/","title":{"rendered":"Gitarr"},"content":{"rendered":"\n<h1 class=\"wp-block-heading\">Gitarr<\/h1>\n\n\n\n<p><\/p>\n\n\n\n<div class=\"wp-block-columns is-layout-flex wp-container-core-columns-layout-1 wp-block-columns-is-layout-flex\">\n<div class=\"wp-block-column is-layout-flow wp-block-column-is-layout-flow\" style=\"flex-basis:22.21%\">\n<p>H\u00e4r f\u00e5r du undervisning i gitarr med fokus p\u00e5 ackordspel. Du f\u00e5r l\u00e4ra dig b\u00e5de akustisk och elgitarr i allt fr\u00e5n visor till pop- och rockmusik. Vi anv\u00e4nder b\u00e5de kompskisser och noter som arbetsmaterial. Sj\u00e4lvklart f\u00e5r du som elev vara med och p\u00e5verka vilka l\u00e5tar vi spelar!<\/p>\n\n\n\n<h2 class=\"wp-block-heading\">L\u00e4rare<\/h2>\n\n\n\n<h4 class=\"wp-block-heading\">Martin Deubler Holmlund<\/h4>\n\n\n\n<p class=\"has-text-align-left\">Martin \u00e4r utbildad musikl\u00e4rare vid Ingesunds musikh\u00f6gskola, och har l\u00e5ng erfarenhet av att undervisa elever i alla \u00e5ldrar s\u00e5v\u00e4l enskilt som i grupp. Han \u00e4r ocks\u00e5 verksam som turn\u00e9rande musiker och som frilansmusiker i m\u00e5nga olika sammanhang.<\/p>\n<\/div>\n\n\n\n<div class=\"wp-block-column is-vertically-aligned-center is-layout-flow wp-block-column-is-layout-flow\" style=\"flex-basis:33.33%\">\n\t<style>\n\t\t.inner {\n\n\t\t\tmargin: 0 auto;\n\n\n\t\t}\n\t<\/style>\n\t<div\n\t\t class=\"container images-module\" >\n\t\t<div class=\"row images_module__slideshow\">\n\n\t\t\t<div\n\t\t\t\t\tclass=\"col-md-12 p-0 position-relative images_module__slideshow images_module__slideshow-container  \">\n\t\t\t\t<div class=\"images_module__slide\" data-slide=\"\"\n\t\t\t\t\t data-duration=\"\"><\/div>\n\t\t\t\t\t\t\t\t\t<div\n\t\t\t\t\t\t class=\"images_module__slides\n\n\t\t\t\t\t   \"\n\t\t\t\t\t>\n\n\t\t\t\t\t\t<div class=\"images__wrapper\" style=\"aspect-ratio: 851 \/ 851;\">\n\t\t\t\t\t\t\t<img decoding=\"async\" width=\"648\" height=\"986\" src=\"https:\/\/studiosbypops.se\/wp-content\/uploads\/sites\/7\/2022\/03\/martin.jpeg\" class=\"images__image_ratio  \" alt=\"\" style=\"aspect-ratio: 851 \/ 851;object-position: center center;\" \/>\t\t\t\t\t\t<\/div>\n\t\t\t\t\t\t\n\n\t\t\t\t\t\t\t\t\t\t\t<\/div>\n\t\t\t\t\n\t\t\t\t<div class=\"images_module__container_dot\">\n\t\t\t\t\t<div style=\"text-align:center\">\n\n\n\t\t\t\t\t\t\t\t\t\t\t\t\t<span   data-i=\"0\"\n\t\t\t\t\t\t\t\t  class=\"\n\t\t\t\t\t\t\timages_module__dot\n\t\t\t\t\t\t\t\t\t\t\t\t\t\t\"\n\t\t\t\t\t\t\t><\/span>\n\t\t\t\t\t\t\t\t\t\t\t<\/div>\n\t\t\t\t<\/div>\n\n\n\t\t\t<\/div>\n\t\t<\/div>\n\t<\/div>\n\n\t\n\n\n<script>\n\tvar images_display_descriptive_text = \"\";\n<\/script>\n<\/div>\n<\/div>\n\n\n\n<h2 class=\"wp-block-heading\">Intresseanm\u00e4lan v\u00e5rtermin 2026<\/h2>\n\n\n\n<p>Kursen kommer att h\u00e5llas m\u00e5ndagar och tisdagar, tider meddelas senare.<br><br>Intresseanm\u00e4lan kan g\u00f6ras via detta formul\u00e4r: <a href=\"https:\/\/forms.gle\/UWqt9SXGRKEwN1fT6\" target=\"_blank\" rel=\"noreferrer noopener\">Intresseanm\u00e4lan studio by Pops<\/a><\/p>\n\n\n\n<p><strong>Lektioner<\/strong><br>V\u00e5ra lektioner \u00e4r planerade f\u00f6r tv\u00e5 elever per 30 minuter.  Enskild lektion p\u00e5 20 minuter kan erbjudas. <br>Enskild lektion p\u00e5 30 minuter kan erbjudas med ett till\u00e4gg p\u00e5 1000kr.<br><br>Vi f\u00f6rbeh\u00e5ller oss r\u00e4tten att justera valda tider om s\u00e5 beh\u00f6vs.<\/p>\n\n\n\n<h2 class=\"wp-block-heading\">Information<\/h2>\n\n\n\n<div class=\"module_wrapper wrapper\">\n    <div class=\"ams_sbp-cbp_module cpt-60 cpb-30\">\n\n        <div class=\"container\">\n            <div class=\"row\">\n                <div class=\"col-12\">\n\n                    <ul class=\"ams_sbp-cbp_module__items p-0\">\n                                                                                \n                            <li class=\"ams_sbp-cbp_module__items--item mb-4  site__primary-bg   site__text-color--light \">\n                                <div class=\"ams_sbp-cbp_module__items--item-icon \">\n                                                                                                                                                <\/div>\n                                <div class=\"ams_sbp-cbp_module__items--item-details\">\n                                    <div class=\"ams_sbp-cbp_module__items--item-details_heading  site__text-color--light \">\n                                        Deltagare                                    <\/div>\n                                    <div class=\"ams_sbp-cbp_module__items--item-details_value\">\n                                        2 per grupp                                    <\/div>\n                                <\/div>\n                            <\/li>\n                                                                                \n                            <li class=\"ams_sbp-cbp_module__items--item mb-4  site__primary-bg   site__text-color--light \">\n                                <div class=\"ams_sbp-cbp_module__items--item-icon \">\n                                                                                                                                                <\/div>\n                                <div class=\"ams_sbp-cbp_module__items--item-details\">\n                                    <div class=\"ams_sbp-cbp_module__items--item-details_heading  site__text-color--light \">\n                                        Kurstillf\u00e4llen                                    <\/div>\n                                    <div class=\"ams_sbp-cbp_module__items--item-details_value\">\n                                        12 st                                    <\/div>\n                                <\/div>\n                            <\/li>\n                                                                                \n                            <li class=\"ams_sbp-cbp_module__items--item mb-4  site__primary-bg   site__text-color--light \">\n                                <div class=\"ams_sbp-cbp_module__items--item-icon \">\n                                                                                                                                                <\/div>\n                                <div class=\"ams_sbp-cbp_module__items--item-details\">\n                                    <div class=\"ams_sbp-cbp_module__items--item-details_heading  site__text-color--light \">\n                                        Kursstart                                    <\/div>\n                                    <div class=\"ams_sbp-cbp_module__items--item-details_value\">\n                                        Vecka 37, m\u00e5ndag och\/eller tisdag                                    <\/div>\n                                <\/div>\n                            <\/li>\n                                                                                \n                            <li class=\"ams_sbp-cbp_module__items--item mb-4  site__primary-bg   site__text-color--light \">\n                                <div class=\"ams_sbp-cbp_module__items--item-icon \">\n                                                                                                                                                <\/div>\n                                <div class=\"ams_sbp-cbp_module__items--item-details\">\n                                    <div class=\"ams_sbp-cbp_module__items--item-details_heading  site__text-color--light \">\n                                        Tid                                    <\/div>\n                                    <div class=\"ams_sbp-cbp_module__items--item-details_value\">\n                                        30 min                                    <\/div>\n                                <\/div>\n                            <\/li>\n                                                                                \n                            <li class=\"ams_sbp-cbp_module__items--item mb-4  site__primary-bg   site__text-color--light \">\n                                <div class=\"ams_sbp-cbp_module__items--item-icon \">\n                                                                                                                                                <\/div>\n                                <div class=\"ams_sbp-cbp_module__items--item-details\">\n                                    <div class=\"ams_sbp-cbp_module__items--item-details_heading  site__text-color--light \">\n                                        Pris                                    <\/div>\n                                    <div class=\"ams_sbp-cbp_module__items--item-details_value\">\n                                        3000 kr                                    <\/div>\n                                <\/div>\n                            <\/li>\n                                            <\/ul>\n\n                <\/div>\n            <\/div>\n\n        <\/div>\n    <\/div>\n<\/div>\n\n\n\n<div class=\"wp-block-group is-layout-constrained wp-block-group-is-layout-constrained\"><\/div>\n\n\n\n<div class=\"wp-block-group is-layout-constrained wp-block-group-is-layout-constrained\"><\/div>\n","protected":false},"featured_media":1204,"template":"","studios-course_category":[24],"yoast_head":"<!-- This site is optimized with the Yoast SEO plugin v22.0 - https:\/\/yoast.com\/wordpress\/plugins\/seo\/ -->\n<title>Karl Johan \u00d6rebro<\/title>\n<meta name=\"robots\" content=\"index, follow, max-snippet:-1, max-image-preview:large, max-video-preview:-1\" \/>\n<link rel=\"canonical\" href=\"https:\/\/studiosbypops.se\/orebro\/kurser\/akustisk-gitarr\/\" \/>\n<meta property=\"og:locale\" content=\"sv_SE\" \/>\n<meta property=\"og:type\" content=\"article\" \/>\n<meta property=\"og:url\" content=\"https:\/\/studiosbypops.se\/orebro\/kurser\/akustisk-gitarr\/\" \/>\n<meta property=\"og:site_name\" content=\"Karl Johan \u00d6rebro\" \/>\n<meta property=\"article:modified_time\" content=\"2025-12-19T08:10:13+00:00\" \/>\n<meta property=\"og:image\" content=\"https:\/\/studiosbypops.se\/wp-content\/uploads\/sites\/7\/2022\/03\/akustisk-gitarr.jpg\" \/>\n\t<meta property=\"og:image:width\" content=\"350\" \/>\n\t<meta property=\"og:image:height\" content=\"220\" \/>\n\t<meta property=\"og:image:type\" content=\"image\/jpeg\" \/>\n<meta name=\"twitter:card\" content=\"summary_large_image\" \/>\n<meta name=\"twitter:image\" content=\"https:\/\/studiosbypops.se\/wp-content\/uploads\/sites\/7\/2022\/03\/akustisk-gitarr.jpg\" \/>\n<meta name=\"twitter:label1\" content=\"Ber\u00e4knad l\u00e4stid\" \/>\n\t<meta name=\"twitter:data1\" content=\"2 minuter\" \/>\n<script type=\"application\/ld+json\" class=\"yoast-schema-graph\">{\"@context\":\"https:\/\/schema.org\",\"@graph\":[{\"@type\":\"WebPage\",\"@id\":\"https:\/\/studiosbypops.se\/orebro\/kurser\/akustisk-gitarr\/\",\"url\":\"https:\/\/studiosbypops.se\/orebro\/kurser\/akustisk-gitarr\/\",\"name\":\"Gitarr - Karl Johan \u00d6rebro\",\"isPartOf\":{\"@id\":\"https:\/\/studiosbypops.se\/orebro\/#website\"},\"datePublished\":\"2024-06-20T09:44:45+00:00\",\"dateModified\":\"2025-12-19T08:10:13+00:00\",\"breadcrumb\":{\"@id\":\"https:\/\/studiosbypops.se\/orebro\/kurser\/akustisk-gitarr\/#breadcrumb\"},\"inLanguage\":\"sv-SE\",\"potentialAction\":[{\"@type\":\"ReadAction\",\"target\":[\"https:\/\/studiosbypops.se\/orebro\/kurser\/akustisk-gitarr\/\"]}]},{\"@type\":\"BreadcrumbList\",\"@id\":\"https:\/\/studiosbypops.se\/orebro\/kurser\/akustisk-gitarr\/#breadcrumb\",\"itemListElement\":[{\"@type\":\"ListItem\",\"position\":1,\"name\":\"Kursen\",\"item\":\"https:\/\/studiosbypops.se\/orebro\/kurser\/\"},{\"@type\":\"ListItem\",\"position\":2,\"name\":\"Gitarr\"}]},{\"@type\":\"WebSite\",\"@id\":\"https:\/\/studiosbypops.se\/orebro\/#website\",\"url\":\"https:\/\/studiosbypops.se\/orebro\/\",\"name\":\"Karl Johan \u00d6rebro\",\"description\":\"Dans och s\u00e5ng efter skolan hos Pops Academy\",\"potentialAction\":[{\"@type\":\"SearchAction\",\"target\":{\"@type\":\"EntryPoint\",\"urlTemplate\":\"https:\/\/studiosbypops.se\/orebro\/?s={search_term_string}\"},\"query-input\":\"required name=search_term_string\"}],\"inLanguage\":\"sv-SE\"}]}<\/script>\n<!-- \/ Yoast SEO plugin. -->","yoast_head_json":{"title":"Karl Johan \u00d6rebro","robots":{"index":"index","follow":"follow","max-snippet":"max-snippet:-1","max-image-preview":"max-image-preview:large","max-video-preview":"max-video-preview:-1"},"canonical":"https:\/\/studiosbypops.se\/orebro\/kurser\/akustisk-gitarr\/","og_locale":"sv_SE","og_type":"article","og_url":"https:\/\/studiosbypops.se\/orebro\/kurser\/akustisk-gitarr\/","og_site_name":"Karl Johan \u00d6rebro","article_modified_time":"2025-12-19T08:10:13+00:00","og_image":[{"url":"https:\/\/studiosbypops.se\/wp-content\/uploads\/sites\/7\/2022\/03\/akustisk-gitarr.jpg","width":350,"height":220,"type":"image\/jpeg"}],"twitter_card":"summary_large_image","twitter_image":"https:\/\/studiosbypops.se\/wp-content\/uploads\/sites\/7\/2022\/03\/akustisk-gitarr.jpg","twitter_misc":{"Ber\u00e4knad l\u00e4stid":"2 minuter"},"schema":{"@context":"https:\/\/schema.org","@graph":[{"@type":"WebPage","@id":"https:\/\/studiosbypops.se\/orebro\/kurser\/akustisk-gitarr\/","url":"https:\/\/studiosbypops.se\/orebro\/kurser\/akustisk-gitarr\/","name":"Gitarr - Karl Johan \u00d6rebro","isPartOf":{"@id":"https:\/\/studiosbypops.se\/orebro\/#website"},"datePublished":"2024-06-20T09:44:45+00:00","dateModified":"2025-12-19T08:10:13+00:00","breadcrumb":{"@id":"https:\/\/studiosbypops.se\/orebro\/kurser\/akustisk-gitarr\/#breadcrumb"},"inLanguage":"sv-SE","potentialAction":[{"@type":"ReadAction","target":["https:\/\/studiosbypops.se\/orebro\/kurser\/akustisk-gitarr\/"]}]},{"@type":"BreadcrumbList","@id":"https:\/\/studiosbypops.se\/orebro\/kurser\/akustisk-gitarr\/#breadcrumb","itemListElement":[{"@type":"ListItem","position":1,"name":"Kursen","item":"https:\/\/studiosbypops.se\/orebro\/kurser\/"},{"@type":"ListItem","position":2,"name":"Gitarr"}]},{"@type":"WebSite","@id":"https:\/\/studiosbypops.se\/orebro\/#website","url":"https:\/\/studiosbypops.se\/orebro\/","name":"Karl Johan \u00d6rebro","description":"Dans och s\u00e5ng efter skolan hos Pops Academy","potentialAction":[{"@type":"SearchAction","target":{"@type":"EntryPoint","urlTemplate":"https:\/\/studiosbypops.se\/orebro\/?s={search_term_string}"},"query-input":"required name=search_term_string"}],"inLanguage":"sv-SE"}]}},"_links":{"self":[{"href":"https:\/\/studiosbypops.se\/orebro\/wp-json\/wp\/v2\/studios-course\/1248"}],"collection":[{"href":"https:\/\/studiosbypops.se\/orebro\/wp-json\/wp\/v2\/studios-course"}],"about":[{"href":"https:\/\/studiosbypops.se\/orebro\/wp-json\/wp\/v2\/types\/studios-course"}],"wp:featuredmedia":[{"embeddable":true,"href":"https:\/\/studiosbypops.se\/orebro\/wp-json\/wp\/v2\/media\/1204"}],"wp:attachment":[{"href":"https:\/\/studiosbypops.se\/orebro\/wp-json\/wp\/v2\/media?parent=1248"}],"wp:term":[{"taxonomy":"studios-course_category","embeddable":true,"href":"https:\/\/studiosbypops.se\/orebro\/wp-json\/wp\/v2\/studios-course_category?post=1248"}],"curies":[{"name":"wp","href":"https:\/\/api.w.org\/{rel}","templated":true}]}}