{"id":5,"date":"2020-09-23T08:52:11","date_gmt":"2020-09-23T08:52:11","guid":{"rendered":"https:\/\/studiosbypops.se\/karljohan\/?page_id=5"},"modified":"2025-04-02T10:48:44","modified_gmt":"2025-04-02T08:48:44","slug":"startsida","status":"publish","type":"page","link":"https:\/\/studiosbypops.se\/orebro\/","title":{"rendered":"Startsida"},"content":{"rendered":"\n\t\n\t\n\t\n\t\n\t\n\n<section \n\tclass=\"ams-hero ams-hero--classic ams-hero--100 c-block l-stacked  \"\n\tdata-color-scheme=\"hero\"\n\tstyle=\"\">\n\t<div class=\"ams-hero__container u-items-center u-justify-center\">\n\t\t<div\n\t\t\tclass=\"ams-hero__content l-stack l-stack-xl is-center is-center@md\" >\n\t\t\t<div class=\"l-stack l-stack-lg\">\n\t\t\t\t\t\n\t<h1\n\tclass=\"c-heading u-font-huge \"\n\tstyle=\"\">\n\t\t\n\t\t\t\t\t\t\t\t\tV\u00e4lkommen till Studios by Pops, Karl Johan\n\t\t\t\t<span class=\"c-heading__sub is-below u-font-title-3\">\n\t\t\t\t\tPops Academy Karl Johan, \u00d6rebro \u00e4r en del av Pops Academy AB\n\t\t\t\t<\/span>\n\t\t\t\t\t\t\t\n\t<\/h1>\n\n\t\t\t\t\t\t\t\t\t<div class=\"text l-stack u-font-body\">\n\t\t\t\t\t\t<p>P\u00e5 Studios by Pops f\u00e5r du m\u00f6jlighet att f\u00f6rb\u00e4ttra dina kunskaper inom musik, s\u00e5ng, dans och drama. Eller varf\u00f6r inte passa p\u00e5 att l\u00e4ra dig n\u00e5got helt nytt? Spana in v\u00e5rt breda kursutbud nedan.<\/p>\n\n\t\t\t\t\t<\/div>\n\t\t\t\t\t\t\t<\/div>\n\n\t\t\t\t<div class=\"ams-hero__action u-inline-items\">\n\t\t\t\t\t\t\t\n\n\n<a href=\"https:\/\/studiosbypops.se\/orebro\/#kurser\"\n\t\n\tclass=\"c-btn \"\n\tdata-style=\"round\"\n\tdata-size=\"md\"\n\tdata-width=\"full-mobile\"\n\tdata-variant=\"default\"\n\ttarget=\"_self\">\n\t\t\t<span class=\"label\"> V\u00e5ra kurser<\/span>\n\t\t\t<\/a>\n\t\t\t\t\t\t\t\n\n\n<a href=\"https:\/\/studiosbypops.se\/orebro\/#om\"\n\t\n\tclass=\"c-btn \"\n\tdata-style=\"round\"\n\tdata-size=\"md\"\n\tdata-width=\"full-mobile\"\n\tdata-variant=\"outline\"\n\ttarget=\"_self\">\n\t\t\t<span class=\"label\"> Mer om oss<\/span>\n\t\t\t<\/a>\n\t\t\t<\/div>\n\t\t<\/div>\n\t<\/div>\n\n\t\t<div class=\"c-bg c-bg--video\" data-position=\"middle-center\">\n\t\t<button type=\"button\" class=\"c-bg--video-btn u-p-xs\" aria-label=\"Pausa bakgrundsvideon\">\n\t\t\t<i class=\"fas fa-pause\"><\/i>\n\t\t<\/button>\n\t\t<video autoplay loop muted playsinline >\n\t\t\t<source src=\"https:\/\/studiosbypops.se\/wp-content\/uploads\/sites\/7\/2025\/04\/popsheader.mp4\" type=\"video\/mp4\">\n\t\t<\/video>\n\t<\/div>\n\n\n<\/section>\n\n\n\n<div class=\"wp-block-columns is-layout-flex wp-container-core-columns-layout-1 wp-block-columns-is-layout-flex\" id=\"om\">\n<div class=\"wp-block-column is-layout-flow wp-block-column-is-layout-flow\">\n<h2 class=\"wp-block-heading\">En frist\u00e5ende kulturskola i centrala \u00d6rebro<\/h2>\n\n\n\n<p>Nu har du \u00e4ntligen m\u00f6jlighet att boka in dig p\u00e5 n\u00e5gon av v\u00e5ra kurser!<\/p>\n\n\n\n<h3 class=\"wp-block-heading\">Vilka vi \u00e4r<\/h3>\n\n\n\n<p>Studios by Pops drivs av Pops Academy och huserar i fantastiska lokaler med fullt utrustad studio, replokaler, och scener.  <\/p>\n\n\n\n<p>I Stockholm har Pops Academy drivit kulturskola sedan 2015 och nu 2022 startar vi Studio by Pops \u00e4ven i \u00d6rebro. Vi erbjuder kurser f\u00f6r alla \u00e5ldrar och niv\u00e5er, fr\u00e5n nyb\u00f6rjarkurser till avancerade forts\u00e4ttningskurser. Elever p\u00e5 Pops Academy Karl Johan har f\u00f6retr\u00e4de till Studio by Pops.<\/p>\n\n\n\n<h3 class=\"wp-block-heading\">Vad vi g\u00f6r<\/h3>\n\n\n\n<p>Vi vill vara ett inspirerande alternativ och komplement till den kommunala kulturskolan. V\u00e5rt m\u00e5l \u00e4r att inspirera varje elev att vilja l\u00e4ra sig mer om sitt kursval. Att snabbt komma ig\u00e5ng och l\u00e4ra sig n\u00e5got som man tycker om. V\u00e5ra kursl\u00e4rare \u00e4r alla professionella pedagoger, men ocks\u00e5 frilansande musiker, dansare.<\/p>\n<\/div>\n\n\n\n<div class=\"wp-block-column is-layout-flow wp-block-column-is-layout-flow\">\t<div\n\t\t class=\"container-fluid images-module \" >\n\t\t<div class=\"row\">\n\t\t\t<div\n\t\t\t\t\tclass=\"col-12 images_module__content_spacing_y text-center \">\n\t\t\t\t<div style=\"display: inline-block;\" class=\"m-auto position-relative text-left\">\n\n\n\t\t\t\t\t<div class=\"images__wrapper\" style=\"aspect-ratio: 851 \/ 531;\">\n\t\t\t\t\t\t<img decoding=\"async\" width=\"1080\" height=\"1080\" src=\"https:\/\/studiosbypops.se\/wp-content\/uploads\/sites\/7\/2020\/11\/popsacademyfoto2020musik121080x1080px.jpg\" class=\"d-block images__image_ratio  \" alt=\"\" style=\"aspect-ratio: 851 \/ 531;object-position: _center-center;\" srcset=\"https:\/\/studiosbypops.se\/wp-content\/uploads\/sites\/7\/2020\/11\/popsacademyfoto2020musik121080x1080px.jpg 1080w, https:\/\/studiosbypops.se\/wp-content\/uploads\/sites\/7\/2020\/11\/popsacademyfoto2020musik121080x1080px-150x150.jpg 150w, https:\/\/studiosbypops.se\/wp-content\/uploads\/sites\/7\/2020\/11\/popsacademyfoto2020musik121080x1080px-300x300.jpg 300w, https:\/\/studiosbypops.se\/wp-content\/uploads\/sites\/7\/2020\/11\/popsacademyfoto2020musik121080x1080px-400x400.jpg 400w, https:\/\/studiosbypops.se\/wp-content\/uploads\/sites\/7\/2020\/11\/popsacademyfoto2020musik121080x1080px-600x600.jpg 600w, https:\/\/studiosbypops.se\/wp-content\/uploads\/sites\/7\/2020\/11\/popsacademyfoto2020musik121080x1080px-800x800.jpg 800w, https:\/\/studiosbypops.se\/wp-content\/uploads\/sites\/7\/2020\/11\/popsacademyfoto2020musik121080x1080px-1024x1024.jpg 1024w\" sizes=\"(max-width: 1080px) 100vw, 1080px\" \/>\t\t\t\t\t<\/div>\n\n\n\t\t\t\t\t\n\t\t\t\t\t\t\t\t\t<\/div>\n\t\t\t<\/div>\n\t\t<\/div>\n\t<\/div>\n\t\n\n\n<script>\n\tvar images_display_descriptive_text = \"\";\n<\/script>\n<\/div>\n<\/div>\n\n\n\n<div class=\"wp-block-columns is-layout-flex wp-container-core-columns-layout-4 wp-block-columns-is-layout-flex\">\n<div class=\"wp-block-column is-layout-flow wp-block-column-is-layout-flow\" style=\"flex-basis:100%\">\n<div class=\"wp-block-group is-layout-flow wp-block-group-is-layout-flow\">\n<div class=\"wp-block-group is-layout-flow wp-block-group-is-layout-flow\">\n<div class=\"wp-block-columns are-vertically-aligned-center is-layout-flex wp-container-core-columns-layout-3 wp-block-columns-is-layout-flex\">\n<div class=\"wp-block-column is-vertically-aligned-center is-layout-flow wp-block-column-is-layout-flow\" style=\"flex-basis:50%\">\n<div class=\"wp-block-columns is-layout-flex wp-container-core-columns-layout-2 wp-block-columns-is-layout-flex\">\n<div class=\"wp-block-column is-layout-flow wp-block-column-is-layout-flow\" style=\"flex-basis:100%\"><section \n\tclass=\"ams-info-graph  c-block l-stacked  \"\n\tdata-color-scheme=\"nyans2_av_p2\">\n\t<div\n\t\tclass=\"l-stack l-stack-fluid-2xl u-pt-fluid-3xl-6xl u-pb-fluid-3xl-6xl is-center is-center@md\">\n\t\t\n\t\t\n\t\t<ul class=\"ams-info-graph__list l-grid u-justify-start\">\n\t\t\t\t\t\t\t\t\t\n\t\t\t\t\t\t\t<li \n\t\t\t\t\tdata-color-scheme=\"nyans2_av_p2\"\n\t\t\t\t\tdata-color-scheme-mobile=\"nyans2_av_p2\"\n\t\t\t\t\tclass=\"c-ig  l-col-12@md\">\n\n\t\t\t\t\t\t\t\t\t\t\t<div class=\"c-ig__item l-stack\">\n\t\t\t\t\t\t\t\t\t\t<h2 class=\"c-ig__title u-font-title-3\">\n\t\t\t\t\t\t\tKurstillf\u00e4llen\n\t\t\t\t\t\t<\/h2>\n\t\n\t\t\t<div class=\"c-ig__media\">\n\t\t\t<img decoding=\"async\" src=\"https:\/\/studiosbypops.se\/wp-content\/uploads\/sites\/7\/2021\/09\/calendar.svg\" class=\"ams_icon_size_stor\" alt=\"\" height=\"34\" width=\"36\" \/>\n\t\t<\/div>\n\t\n\t\n\t\t\t<div class=\"c-ig__text l-stack-xs u-font-body\">\n\t\t\t<p style=\"text-align: center;\">Det kommer vara 12 kurstillf\u00e4llen under v\u00e5ren.<\/p>\n\n\t\t<\/div>\n\t\n\t\n\t\t\t\t\t\t<\/div>\n\t\t\t\t\t\n\t\t\t\t<\/li>\n\t\t\t\t\t\t\t<li \n\t\t\t\t\tdata-color-scheme=\"nyans2_av_p2\"\n\t\t\t\t\tdata-color-scheme-mobile=\"nyans2_av_p2\"\n\t\t\t\t\tclass=\"c-ig  l-col-12@md\">\n\n\t\t\t\t\t\t\t\t\t\t\t<div class=\"c-ig__item l-stack\">\n\t\t\t\t\t\t\t\t\t\t<h2 class=\"c-ig__title u-font-title-3\">\n\t\t\t\t\t\t\tDeltagare\n\t\t\t\t\t\t<\/h2>\n\t\n\t\t\t<div class=\"c-ig__media\">\n\t\t\t<img decoding=\"async\" src=\"https:\/\/studiosbypops.se\/wp-content\/uploads\/sites\/7\/2021\/09\/user.svg\" class=\"ams_icon_size_stor\" alt=\"\" height=\"38\" width=\"34\" \/>\n\t\t<\/div>\n\t\n\t\n\t\t\t<div class=\"c-ig__text l-stack-xs u-font-body\">\n\t\t\t<p style=\"text-align: center;\">De flesta kurser har 2 deltagare\/grupp. Pop\/rock-grupper har 2-5 deltagare\/grupp medan F\u00f6r\u00e4ldrak\u00f6ren har obegr\u00e4nsat deltagarantal.<\/p>\n\n\t\t<\/div>\n\t\n\t\n\t\t\t\t\t\t<\/div>\n\t\t\t\t\t\n\t\t\t\t<\/li>\n\t\t\t\t\t\t\t<li \n\t\t\t\t\tdata-color-scheme=\"nyans2_av_p2\"\n\t\t\t\t\tdata-color-scheme-mobile=\"nyans2_av_p2\"\n\t\t\t\t\tclass=\"c-ig  l-col-12@md\">\n\n\t\t\t\t\t\t\t\t\t\t\t<div class=\"c-ig__item l-stack\">\n\t\t\t\t\t\t\t\t\t\t<h2 class=\"c-ig__title u-font-title-3\">\n\t\t\t\t\t\t\tTid\n\t\t\t\t\t\t<\/h2>\n\t\n\t\t\t<div class=\"c-ig__media\">\n\t\t\t<img decoding=\"async\" src=\"https:\/\/studiosbypops.se\/wp-content\/uploads\/sites\/7\/2021\/09\/clock.svg\" class=\"ams_icon_size_stor\" alt=\"\" height=\"34\" width=\"34\" \/>\n\t\t<\/div>\n\t\n\t\n\t\t\t<div class=\"c-ig__text l-stack-xs u-font-body\">\n\t\t\t<p style=\"text-align: center;\">2 deltagare\/grupp &#8211; 30 minuter.<br \/>\nFler \u00e4n 2 deltagare\/grupp \u00a0&#8211; 1 timme.<\/p>\n\n\t\t<\/div>\n\t\n\t\n\t\t\t\t\t\t<\/div>\n\t\t\t\t\t\n\t\t\t\t<\/li>\n\t\t\t\t\t<\/ul>\n\t<\/div>\n\n\t\t\n\n\n<\/section>\n\n\t\n\t\n\t\n\t\n\t<\/div>\n<\/div>\n<\/div>\n\n\n\n<div class=\"wp-block-column is-vertically-aligned-center is-layout-flow wp-block-column-is-layout-flow\" style=\"flex-basis:50%\">\n<h2 class=\"wp-block-heading\">Flexibel och kreativ musik- och dansutbildning<\/h2>\n\n\n\n<p>V\u00e5r kursplan \u00e4r noga planerad av varje kursl\u00e4rare och ska fr\u00e4mja varje elevs individuella utveckling. Vi arbetar med blandad repertoar fr\u00e5n olika genrer och du som elever f\u00e5r vara med i planeringen s\u00e5 du f\u00e5r l\u00e4ra dig det du \u00f6nskar.<\/p>\n<\/div>\n<\/div>\n<\/div>\n<\/div>\n<\/div>\n<\/div>\n\n\n\n<div class=\"wp-block-columns are-vertically-aligned-top is-layout-flex wp-container-core-columns-layout-5 wp-block-columns-is-layout-flex\">\n<div class=\"wp-block-column is-vertically-aligned-top is-layout-flow wp-block-column-is-layout-flow\" style=\"flex-basis:100%\">\n<div   class=\" global_body-color  typography__wrapper py-4\"  id=\"kurser\">\n\n\t<div class=\"col-12 cmb-30 text-center col-md-8 offset-md-2\">\n\t\t\t\t\t\t<h2   class=\"site__heading-size-2 section-title  site__text-color  text-center\">\n\t\t\t\tV\u00e5rt kursutbud\t\t\t<\/h2>\n\t\t\t<\/div>\n\n\t<div class=\"anchor_classes_div\"\n\t\t data-cta=\" nostyle site__a_cta \"\n\t\t data-theme=\" nostyle site__a_text \"\n\t\t data-darklight=\" nostyle site__a_dark \">\n\t\t\n\t<div class=\"row\">\n\t\t<div class=\"col-12 cmb-50 cmb-sm-25 col-md-6 offset-md-3\">\n\t\t\t<div   class=\"text-center site__body_text-1\">\n\t\t\t\t<p>Personlig presentation av v\u00e5ra kursl\u00e4rare, lediga tider samt pris p\u00e5 kursen hittar du n\u00e4r du klickar in p\u00e5 respektive kurs.<\/p>\n\t\t\t<\/div>\n\t\t<\/div>\n\t<\/div>\n\t<\/div>\n\n\t\n\t<div   class=\"  filter_top search-filter\">\n\t\t<div class=\"row\">\n\t\t\t\n\t\t\t\t<div   class=\"shortcode-wrapper col-12 col-12\">\n\t\t\t\t\t<form data-sf-form-id='1056' data-is-rtl='0' data-maintain-state='' data-results-url='https:\/\/studiosbypops.se\/karljohan\/test-alla-kurser\/' data-ajax-url='https:\/\/studiosbypops.se\/orebro\/?sfid=1056&amp;sf_action=get_data&amp;sf_data=all' data-ajax-form-url='https:\/\/studiosbypops.se\/orebro\/?sfid=1056&amp;sf_action=get_data&amp;sf_data=form' data-display-result-method='shortcode' data-use-history-api='1' data-template-loaded='0' data-lang-code='' data-ajax='1' data-ajax-data-type='json' data-ajax-target='#search-filter-results-1056' data-ajax-pagination-type='infinite_scroll' data-show-scroll-loader='1' data-infinite-scroll-trigger='-100' data-ajax-links-selector='.pagination a' data-update-ajax-url='1' data-scroll-to-pos='0' data-init-paged='1' data-auto-update='1' data-auto-count='1' data-auto-count-refresh-mode='1' action='https:\/\/studiosbypops.se\/karljohan\/test-alla-kurser\/' method='post' class='searchandfilter' id='search-filter-form-1056' autocomplete='off' data-instance-count='1'><ul><li class=\"sf-field-taxonomy-studios-course_category\" data-sf-field-name=\"_sft_studios-course_category\" data-sf-field-type=\"taxonomy\" data-sf-field-input-type=\"select\"><h4>Taxonomy<\/h4>\t\t<label>\r\n\t\t\t\t<select name=\"_sft_studios-course_category[]\" class=\"sf-input-select\" title=\"\">\r\n\t\t\t\r\n\t\t\t\t\t\t<option class=\"sf-level-0 sf-item-0 sf-option-active\" selected=\"selected\" data-sf-count=\"0\" data-sf-depth=\"0\" value=\"\">Kategorier<\/option>\r\n\t\t\t\t\t\t<option class=\"sf-level-0 sf-item-24\" data-sf-count=\"6\" data-sf-depth=\"0\" value=\"kurser-karl-johan\">Kurser Karl Johan<\/option>\r\n\t\t\t\t\t<\/select>\r\n\t\t<\/label>\t\t<\/li><\/ul><\/form>\t\t\t\t<\/div>\n\n\t\t\t\n\t\t\t<div   class=\"shortcode-wrapper col-12 per_row_card_3 col-12\">\n\t\t\t\t<div class=\"search-filter-results\" id=\"search-filter-results-1056\">\t<div class='search-filter-results-list row search-results-utbildning ams_utbildninger ams_utbildninger--kort1 ams_utbildninger--var1'>\n\n\t\t\t\t\t\n\t\t\t\t\n<div   class=\"ams_utbildninger--entry col-12 col-md-6 col-lg-4 px-2  mb-5\">\n\t<a href=\"https:\/\/studiosbypops.se\/orebro\/kurser\/barnkor\/\" class=\"card-link\" title=\"Barnk\u00f6r\">\n\t\t<div class=\"card h-100\" style=\"border-color: \">\n\n\t\t\t\t\t\t\t<img decoding=\"async\"   src=\"https:\/\/studiosbypops.se\/wp-content\/uploads\/sites\/7\/2020\/11\/popsacademyfoto2020musik041080x1080px.jpg\" alt=\"Barnk\u00f6r\" class=\"ams_utbildninger--img\">\n\t\t\t\n\t\t\t<div class=\"card-body px-3 py-2  site__primary-bg   site__text-color--dark \">\n\t\t\t\t<div class=\"ams_utbildninger--body pb-5 \">\n\n\t\t\t\t\t<h3   class=\"ams_utbildninger--title site__heading-size-8 pt-2 site__text-color--light\" style=\"color:\">\n\t\t\t\t\t\tBarnk\u00f6r\t\t\t\t\t<\/h3>\n\n\t\t\t\t\t<p   class=\"ams_utbildninger--excerpt mb-3 px-0 pt-1 pb-3 excerpt site__body_text-4\">\n\t\t\t\t\t\t\t\t\t\t\t<\/p>\n\n\t\t\t\t<\/div>\n\t\t\t<\/div>\n\t\t<\/div>\n\t<\/a>\n<\/div>\n\n\n\t\t\t\t\n\t\t\t\t\n<div   class=\"ams_utbildninger--entry col-12 col-md-6 col-lg-4 px-2  mb-5\">\n\t<a href=\"https:\/\/studiosbypops.se\/orebro\/kurser\/elbas\/\" class=\"card-link\" title=\"Elbas\">\n\t\t<div class=\"card h-100\" style=\"border-color: \">\n\n\t\t\t\t\t\t\t<img decoding=\"async\"   src=\"https:\/\/studiosbypops.se\/wp-content\/uploads\/sites\/7\/2022\/03\/elbas-350x220-1.jpeg\" alt=\"Elbas\" class=\"ams_utbildninger--img\">\n\t\t\t\n\t\t\t<div class=\"card-body px-3 py-2  site__primary-bg   site__text-color--dark \">\n\t\t\t\t<div class=\"ams_utbildninger--body pb-5 \">\n\n\t\t\t\t\t<h3   class=\"ams_utbildninger--title site__heading-size-8 pt-2 site__text-color--light\" style=\"color:\">\n\t\t\t\t\t\tElbas\t\t\t\t\t<\/h3>\n\n\t\t\t\t\t<p   class=\"ams_utbildninger--excerpt mb-3 px-0 pt-1 pb-3 excerpt site__body_text-4\">\n\t\t\t\t\t\t\t\t\t\t\t<\/p>\n\n\t\t\t\t<\/div>\n\t\t\t<\/div>\n\t\t<\/div>\n\t<\/a>\n<\/div>\n\n\n\t\t\t\t\n\t\t\t\t\n<div   class=\"ams_utbildninger--entry col-12 col-md-6 col-lg-4 px-2  mb-5\">\n\t<a href=\"https:\/\/studiosbypops.se\/orebro\/kurser\/akustisk-gitarr\/\" class=\"card-link\" title=\"Gitarr\">\n\t\t<div class=\"card h-100\" style=\"border-color: \">\n\n\t\t\t\t\t\t\t<img decoding=\"async\"   src=\"https:\/\/studiosbypops.se\/wp-content\/uploads\/sites\/7\/2022\/03\/akustisk-gitarr.jpg\" alt=\"Gitarr\" class=\"ams_utbildninger--img\">\n\t\t\t\n\t\t\t<div class=\"card-body px-3 py-2  site__primary-bg   site__text-color--dark \">\n\t\t\t\t<div class=\"ams_utbildninger--body pb-5 \">\n\n\t\t\t\t\t<h3   class=\"ams_utbildninger--title site__heading-size-8 pt-2 site__text-color--light\" style=\"color:\">\n\t\t\t\t\t\tGitarr\t\t\t\t\t<\/h3>\n\n\t\t\t\t\t<p   class=\"ams_utbildninger--excerpt mb-3 px-0 pt-1 pb-3 excerpt site__body_text-4\">\n\t\t\t\t\t\t\t\t\t\t\t<\/p>\n\n\t\t\t\t<\/div>\n\t\t\t<\/div>\n\t\t<\/div>\n\t<\/a>\n<\/div>\n\n\n\t\t\t\t\n\t\t\t\t\n<div   class=\"ams_utbildninger--entry col-12 col-md-6 col-lg-4 px-2  mb-5\">\n\t<a href=\"https:\/\/studiosbypops.se\/orebro\/kurser\/piano\/\" class=\"card-link\" title=\"Piano\">\n\t\t<div class=\"card h-100\" style=\"border-color: \">\n\n\t\t\t\t\t\t\t<img decoding=\"async\"   src=\"https:\/\/studiosbypops.se\/wp-content\/uploads\/sites\/7\/2022\/03\/keyboard-350x220-1.jpeg\" alt=\"Piano\" class=\"ams_utbildninger--img\">\n\t\t\t\n\t\t\t<div class=\"card-body px-3 py-2  site__primary-bg   site__text-color--dark \">\n\t\t\t\t<div class=\"ams_utbildninger--body pb-5 \">\n\n\t\t\t\t\t<h3   class=\"ams_utbildninger--title site__heading-size-8 pt-2 site__text-color--light\" style=\"color:\">\n\t\t\t\t\t\tPiano\t\t\t\t\t<\/h3>\n\n\t\t\t\t\t<p   class=\"ams_utbildninger--excerpt mb-3 px-0 pt-1 pb-3 excerpt site__body_text-4\">\n\t\t\t\t\t\t\t\t\t\t\t<\/p>\n\n\t\t\t\t<\/div>\n\t\t\t<\/div>\n\t\t<\/div>\n\t<\/a>\n<\/div>\n\n\n\t\t\t\t\n\t\t\t\t\n<div   class=\"ams_utbildninger--entry col-12 col-md-6 col-lg-4 px-2  mb-5\">\n\t<a href=\"https:\/\/studiosbypops.se\/orebro\/kurser\/sang\/\" class=\"card-link\" title=\"S\u00e5ng\">\n\t\t<div class=\"card h-100\" style=\"border-color: \">\n\n\t\t\t\t\t\t\t<img decoding=\"async\"   src=\"https:\/\/studiosbypops.se\/wp-content\/uploads\/sites\/7\/2021\/01\/popsacademyfoto2020musik041920x1080px.jpg\" alt=\"S\u00e5ng\" class=\"ams_utbildninger--img\">\n\t\t\t\n\t\t\t<div class=\"card-body px-3 py-2  site__primary-bg   site__text-color--dark \">\n\t\t\t\t<div class=\"ams_utbildninger--body pb-5 \">\n\n\t\t\t\t\t<h3   class=\"ams_utbildninger--title site__heading-size-8 pt-2 site__text-color--light\" style=\"color:\">\n\t\t\t\t\t\tS\u00e5ng\t\t\t\t\t<\/h3>\n\n\t\t\t\t\t<p   class=\"ams_utbildninger--excerpt mb-3 px-0 pt-1 pb-3 excerpt site__body_text-4\">\n\t\t\t\t\t\t\t\t\t\t\t<\/p>\n\n\t\t\t\t<\/div>\n\t\t\t<\/div>\n\t\t<\/div>\n\t<\/a>\n<\/div>\n\n\n\t\t\t\t\n\t\t\t\t\n<div   class=\"ams_utbildninger--entry col-12 col-md-6 col-lg-4 px-2  mb-5\">\n\t<a href=\"https:\/\/studiosbypops.se\/orebro\/kurser\/trummor\/\" class=\"card-link\" title=\"Trummor\">\n\t\t<div class=\"card h-100\" style=\"border-color: \">\n\n\t\t\t\t\t\t\t<img decoding=\"async\"   src=\"https:\/\/studiosbypops.se\/wp-content\/uploads\/sites\/7\/2022\/03\/trummor-350x220-1.jpeg\" alt=\"Trummor\" class=\"ams_utbildninger--img\">\n\t\t\t\n\t\t\t<div class=\"card-body px-3 py-2  site__primary-bg   site__text-color--dark \">\n\t\t\t\t<div class=\"ams_utbildninger--body pb-5 \">\n\n\t\t\t\t\t<h3   class=\"ams_utbildninger--title site__heading-size-8 pt-2 site__text-color--light\" style=\"color:\">\n\t\t\t\t\t\tTrummor\t\t\t\t\t<\/h3>\n\n\t\t\t\t\t<p   class=\"ams_utbildninger--excerpt mb-3 px-0 pt-1 pb-3 excerpt site__body_text-4\">\n\t\t\t\t\t\t\t\t\t\t\t<\/p>\n\n\t\t\t\t<\/div>\n\t\t\t<\/div>\n\t\t<\/div>\n\t<\/a>\n<\/div>\n\n\n\t\t\t\t\n\t\t\t<\/div>\n\t\t<\/div>\t\t\t<\/div>\n\n\t\t\t\t\t<\/div>\n\t<\/div>\n<\/div>\n<span   id=\"get_buttonShapeForEducation\"\n\t  class=\"ams_content_filter__trigger ams_educstion_filter site__linkbuttons--1 btn rounded-corners-btn-shape btn-block   btn-outline btn_outline__text-color_dark rounded-corners-btn-shape  global_body-color searchfilter-button\" style=\" opacity:0;\"><\/span>\n<\/div>\n<\/div>\n\n\n\n<div class=\"wp-block-columns is-layout-flex wp-container-core-columns-layout-7 wp-block-columns-is-layout-flex\">\n<div class=\"wp-block-column is-layout-flow wp-block-column-is-layout-flow\">\n<div class=\"wp-block-columns is-layout-flex wp-container-core-columns-layout-6 wp-block-columns-is-layout-flex\">\n<div class=\"wp-block-column is-layout-flow wp-block-column-is-layout-flow\">\n<h2 class=\"wp-block-heading\">Fr\u00e5gor och svar<\/h2>\n<\/div>\n\n\n\n<div class=\"wp-block-column is-layout-flow wp-block-column-is-layout-flow\">\n<p><\/p>\n\n\n\n<h5 class=\"wp-block-heading\">Hur m\u00e5nga lektioner \u00e4r det p\u00e5 en termin?<\/h5>\n\n\n\n<p>Det \u00e4r 12 tillf\u00e4llen p\u00e5 v\u00e5rterminen.<\/p>\n\n\n\n<h5 class=\"wp-block-heading\">Hur fungerar det med bokning?<\/h5>\n\n\n\n<p>Du bokar in dig p\u00e5 en kurs och betalar en bokningsavgift. De faktiska tiderna f\u00f6rdelas i slutet p\u00e5 augusti.<\/p>\n\n\n\n<h5 class=\"wp-block-heading\">Hur f\u00f6rdelas tiderna?<\/h5>\n\n\n\n<p>I augusti kommer det erbjudas n\u00e5gra olika tider d\u00e4r ni v\u00e4ljer den som passar er.<\/p>\n\n\n\n<h5 class=\"wp-block-heading\">Beh\u00f6ver man ta med sitt eget instrument?<\/h5>\n\n\n\n<p>Vi anv\u00e4nder skolans instrument p\u00e5 lektionerna. Sj\u00e4lvklart f\u00e5r man ta med sitt eget instrument om man vill.<\/p>\n\n\n\n<h5 class=\"wp-block-heading\">Kan man s\u00e4ga upp sin plats?<\/h5>\n\n\n\n<p>Om du s\u00e4ger upp din plats f\u00f6re den 25 augusti f\u00f6r h\u00f6stterminen f\u00f6rbrukas enbart bokningsavgiften.<\/p>\n\n\n\n<h5 class=\"wp-block-heading\">Kan man boka fler kurser?<\/h5>\n\n\n\n<p>Javisst! Du avg\u00f6r sj\u00e4lv hur m\u00e5nga kurser du vill ha.<\/p>\n<\/div>\n\n\n\n<div class=\"wp-block-column is-layout-flow wp-block-column-is-layout-flow\">\n<p><\/p>\n\n\n\n<h5 class=\"wp-block-heading\">Hur l\u00e5nga \u00e4r lektionerna?<\/h5>\n\n\n\n<p>30 min f\u00f6r de kurser som har 1-2 personer. 40-60 min f\u00f6r de grupper med fler \u00e4n 2 deltagare.<\/p>\n\n\n\n<h5 class=\"wp-block-heading\">F\u00f6r vilka \u00e5ldrar \u00e4r Studios by Pops?<\/h5>\n\n\n\n<p>Studios by Pops \u00e4r \u00f6ppet f\u00f6r alla, gammal som ung. Vi har ingen fast nedre \u00e5ldersgr\u00e4ns, men i f\u00f6rsta hand \u00e5rskurs 3 och \u00e4ldre.<\/p>\n\n\n\n<h5 class=\"wp-block-heading\">Kan man anm\u00e4la sig till Studios by Pops om man bor i en annan kommun?<\/h5>\n\n\n\n<p>Ja. Studios by Pops \u00e4r \u00f6ppet f\u00f6r alla.<\/p>\n\n\n\n<h5 class=\"wp-block-heading\">Hur anm\u00e4ler man fr\u00e5nvaro vid t.ex. sjukdom eller resa?<\/h5>\n\n\n\n<p>Fr\u00e5nvaro meddelar du via mail eller sms direkt till din kursl\u00e4rare.<\/p>\n\n\n\n<h5 class=\"wp-block-heading\">Var ligger kurslokalerna?<\/h5>\n\n\n\n<p>Vi finns p\u00e5 \u00c4lvtomtagatan 56 i \u00d6rebro.<\/p>\n\n\n\n<h5 class=\"wp-block-heading\">Kan man v\u00e4lja enskild undervisning?<\/h5>\n\n\n\n<p>Ja! Alla kurser som ges i par kan ocks\u00e5 f\u00e5s som enskild kurs. Det kostar d\u00e5 1000 kr extra per termin<\/p>\n<\/div>\n<\/div>\n<\/div>\n<\/div>\n","protected":false},"excerpt":{"rendered":"<p>En frist\u00e5ende kulturskola i centrala \u00d6rebro Nu har du \u00e4ntligen m\u00f6jlighet att boka in dig p\u00e5 n\u00e5gon av v\u00e5ra kurser! Vilka vi \u00e4r Studios by Pops drivs av Pops Academy och huserar i fantastiska lokaler med fullt utrustad studio, replokaler, och scener. I Stockholm har Pops Academy drivit kulturskola sedan 2015 och nu 2022 startar&#8230;<\/p>\n","protected":false},"author":1,"featured_media":0,"parent":0,"menu_order":0,"comment_status":"open","ping_status":"closed","template":"","meta":{"footnotes":""},"yoast_head":"<!-- This site is optimized with the Yoast SEO plugin v22.0 - https:\/\/yoast.com\/wordpress\/plugins\/seo\/ -->\n<title>Karl Johan \u00d6rebro<\/title>\n<meta name=\"robots\" content=\"index, follow, max-snippet:-1, max-image-preview:large, max-video-preview:-1\" \/>\n<link rel=\"canonical\" href=\"https:\/\/studiosbypops.se\/orebro\/\" \/>\n<meta property=\"og:locale\" content=\"sv_SE\" \/>\n<meta property=\"og:type\" content=\"article\" \/>\n<meta property=\"og:url\" content=\"https:\/\/studiosbypops.se\/orebro\/\" \/>\n<meta property=\"og:site_name\" content=\"Karl Johan \u00d6rebro\" \/>\n<meta property=\"article:modified_time\" content=\"2025-04-02T08:48:44+00:00\" \/>\n<meta name=\"twitter:card\" content=\"summary_large_image\" \/>\n<meta name=\"twitter:label1\" content=\"Ber\u00e4knad l\u00e4stid\" \/>\n\t<meta name=\"twitter:data1\" content=\"4 minuter\" \/>\n<script type=\"application\/ld+json\" class=\"yoast-schema-graph\">{\"@context\":\"https:\/\/schema.org\",\"@graph\":[{\"@type\":\"WebPage\",\"@id\":\"https:\/\/studiosbypops.se\/orebro\/\",\"url\":\"https:\/\/studiosbypops.se\/orebro\/\",\"name\":\"Startsida - Karl Johan \u00d6rebro\",\"isPartOf\":{\"@id\":\"https:\/\/studiosbypops.se\/orebro\/#website\"},\"datePublished\":\"2020-09-23T08:52:11+00:00\",\"dateModified\":\"2025-04-02T08:48:44+00:00\",\"inLanguage\":\"sv-SE\",\"potentialAction\":[{\"@type\":\"ReadAction\",\"target\":[\"https:\/\/studiosbypops.se\/orebro\/\"]}]},{\"@type\":\"WebSite\",\"@id\":\"https:\/\/studiosbypops.se\/orebro\/#website\",\"url\":\"https:\/\/studiosbypops.se\/orebro\/\",\"name\":\"Karl Johan \u00d6rebro\",\"description\":\"Dans och s\u00e5ng efter skolan hos Pops Academy\",\"potentialAction\":[{\"@type\":\"SearchAction\",\"target\":{\"@type\":\"EntryPoint\",\"urlTemplate\":\"https:\/\/studiosbypops.se\/orebro\/?s={search_term_string}\"},\"query-input\":\"required name=search_term_string\"}],\"inLanguage\":\"sv-SE\"}]}<\/script>\n<!-- \/ Yoast SEO plugin. -->","yoast_head_json":{"title":"Karl Johan \u00d6rebro","robots":{"index":"index","follow":"follow","max-snippet":"max-snippet:-1","max-image-preview":"max-image-preview:large","max-video-preview":"max-video-preview:-1"},"canonical":"https:\/\/studiosbypops.se\/orebro\/","og_locale":"sv_SE","og_type":"article","og_url":"https:\/\/studiosbypops.se\/orebro\/","og_site_name":"Karl Johan \u00d6rebro","article_modified_time":"2025-04-02T08:48:44+00:00","twitter_card":"summary_large_image","twitter_misc":{"Ber\u00e4knad l\u00e4stid":"4 minuter"},"schema":{"@context":"https:\/\/schema.org","@graph":[{"@type":"WebPage","@id":"https:\/\/studiosbypops.se\/orebro\/","url":"https:\/\/studiosbypops.se\/orebro\/","name":"Startsida - Karl Johan \u00d6rebro","isPartOf":{"@id":"https:\/\/studiosbypops.se\/orebro\/#website"},"datePublished":"2020-09-23T08:52:11+00:00","dateModified":"2025-04-02T08:48:44+00:00","inLanguage":"sv-SE","potentialAction":[{"@type":"ReadAction","target":["https:\/\/studiosbypops.se\/orebro\/"]}]},{"@type":"WebSite","@id":"https:\/\/studiosbypops.se\/orebro\/#website","url":"https:\/\/studiosbypops.se\/orebro\/","name":"Karl Johan \u00d6rebro","description":"Dans och s\u00e5ng efter skolan hos Pops Academy","potentialAction":[{"@type":"SearchAction","target":{"@type":"EntryPoint","urlTemplate":"https:\/\/studiosbypops.se\/orebro\/?s={search_term_string}"},"query-input":"required name=search_term_string"}],"inLanguage":"sv-SE"}]}},"_links":{"self":[{"href":"https:\/\/studiosbypops.se\/orebro\/wp-json\/wp\/v2\/pages\/5"}],"collection":[{"href":"https:\/\/studiosbypops.se\/orebro\/wp-json\/wp\/v2\/pages"}],"about":[{"href":"https:\/\/studiosbypops.se\/orebro\/wp-json\/wp\/v2\/types\/page"}],"author":[{"embeddable":true,"href":"https:\/\/studiosbypops.se\/orebro\/wp-json\/wp\/v2\/users\/1"}],"replies":[{"embeddable":true,"href":"https:\/\/studiosbypops.se\/orebro\/wp-json\/wp\/v2\/comments?post=5"}],"version-history":[{"count":9,"href":"https:\/\/studiosbypops.se\/orebro\/wp-json\/wp\/v2\/pages\/5\/revisions"}],"predecessor-version":[{"id":1736,"href":"https:\/\/studiosbypops.se\/orebro\/wp-json\/wp\/v2\/pages\/5\/revisions\/1736"}],"wp:attachment":[{"href":"https:\/\/studiosbypops.se\/orebro\/wp-json\/wp\/v2\/media?parent=5"}],"curies":[{"name":"wp","href":"https:\/\/api.w.org\/{rel}","templated":true}]}}